{"id":61870,"date":"2020-11-05T10:24:28","date_gmt":"2020-11-05T09:24:28","guid":{"rendered":"https:\/\/dev.agnieszkakudela.pl\/planner-2021\/"},"modified":"2023-11-29T12:10:39","modified_gmt":"2023-11-29T11:10:39","slug":"planner-2021","status":"publish","type":"page","link":"https:\/\/agnieszkakudela.pl\/en\/planner-2021\/","title":{"rendered":"Planner 2021"},"content":{"rendered":"<div class=\"wpb-content-wrapper\"><p>[vc_row][vc_column]\n\t\t\t<!-- START Planner2021 REVOLUTION SLIDER 6.6.18 --><p class=\"rs-p-wp-fix\"><\/p>\n\t\t\t<rs-module-wrap id=\"rev_slider_6_1_wrapper\" data-source=\"gallery\" style=\"visibility:hidden;background:transparent;padding:0;margin:0px auto;margin-top:0;margin-bottom:0;\">\n\t\t\t\t<rs-module id=\"rev_slider_6_1\" style=\"\" data-version=\"6.6.18\">\n\t\t\t\t\t<rs-slides style=\"overflow: hidden; position: absolute;\">\n\t\t\t\t\t\t<rs-slide style=\"position: absolute;\" data-key=\"rs-20\" data-title=\"Slide\" data-invisible=\"true\" data-anim=\"adpr:false;\">\n\t\t\t\t\t\t\t<img decoding=\"async\" src=\"\/\/agnieszkakudela.pl\/wp-content\/plugins\/revslider\/public\/assets\/assets\/dummy.png\" alt=\"\" title=\"Planner 2021\" class=\"rev-slidebg tp-rs-img rs-lazyload\" data-lazyload=\"\/\/dev.agnieszkakudela.pl\/wp-content\/uploads\/2019\/12\/planner-w-segregatorze.jpg\" data-no-retina>\n<!--\n\t\t\t\t\t\t\t--><rs-layer\n\t\t\t\t\t\t\t\tid=\"slider-6-slide-20-layer-1\" \n\t\t\t\t\t\t\t\tclass=\"slider-link\"\n\t\t\t\t\t\t\t\tdata-type=\"text\"\n\t\t\t\t\t\t\t\tdata-color=\"rgba(10,10,10,1)\"\n\t\t\t\t\t\t\t\tdata-rsp_ch=\"on\"\n\t\t\t\t\t\t\t\tdata-xy=\"x:c;y:b;yo:45px;\"\n\t\t\t\t\t\t\t\tdata-text=\"w:normal;s:34;l:46;a:center;\"\n\t\t\t\t\t\t\t\tdata-dim=\"w:700px;\"\n\t\t\t\t\t\t\t\tdata-vbility=\"t,t,t,f\"\n\t\t\t\t\t\t\t\tdata-padding=\"t:25;r:60;b:40;l:60;\"\n\t\t\t\t\t\t\t\tdata-frame_0=\"tp:600;\"\n\t\t\t\t\t\t\t\tdata-frame_1=\"tp:600;sR:10;\"\n\t\t\t\t\t\t\t\tdata-frame_999=\"o:0;tp:600;st:w;sR:2690;\"\n\t\t\t\t\t\t\t\tstyle=\"z-index:5;background-color:rgba(255,255,255,0.70);font-family:'Playfair Display';color:#000000;\"\n\t\t\t\t\t\t\t>Tw\u00f3j planner na <b>2021<\/b> rok \n\t\t\t\t\t\t\t<\/rs-layer><!--\n\n\t\t\t\t\t\t\t--><rs-layer\n\t\t\t\t\t\t\t\tid=\"slider-6-slide-20-layer-3\" \n\t\t\t\t\t\t\t\tclass=\"slider-link\"\n\t\t\t\t\t\t\t\tdata-type=\"text\"\n\t\t\t\t\t\t\t\tdata-color=\"rgba(10,10,10,1)\"\n\t\t\t\t\t\t\t\tdata-rsp_ch=\"on\"\n\t\t\t\t\t\t\t\tdata-xy=\"x:c;xo:3px;y:b;yo:-82px;\"\n\t\t\t\t\t\t\t\tdata-text=\"w:normal;s:23;l:26;a:center;\"\n\t\t\t\t\t\t\t\tdata-dim=\"w:374px;h:112px;\"\n\t\t\t\t\t\t\t\tdata-vbility=\"f,f,f,t\"\n\t\t\t\t\t\t\t\tdata-padding=\"t:25;r:60;b:40;l:60;\"\n\t\t\t\t\t\t\t\tdata-frame_0=\"tp:600;\"\n\t\t\t\t\t\t\t\tdata-frame_1=\"tp:600;sR:10;\"\n\t\t\t\t\t\t\t\tdata-frame_999=\"o:0;tp:600;st:w;sR:2690;\"\n\t\t\t\t\t\t\t\tstyle=\"z-index:6;background-color:rgba(255,255,255,0.70);font-family:'Playfair Display';color:#000000;\"\n\t\t\t\t\t\t\t><a href=\"{{link}}\">{{title}}<\/a> \n\t\t\t\t\t\t\t<\/rs-layer><!--\n-->\t\t\t\t\t\t<\/rs-slide>\n\t\t\t\t\t<\/rs-slides>\n\t\t\t\t<\/rs-module>\n\t\t\t\t<script>\n\t\t\t\t\tsetREVStartSize({c: 'rev_slider_6_1',rl:[1240,1240,1240,480],el:[],gw:[1240,1240,1240,480],gh:[350,350,350,250],type:'standard',justify:'',layout:'fullwidth',mh:\"0\"});if (window.RS_MODULES!==undefined && window.RS_MODULES.modules!==undefined && window.RS_MODULES.modules[\"revslider61\"]!==undefined) {window.RS_MODULES.modules[\"revslider61\"].once = false;window.revapi6 = undefined;if (window.RS_MODULES.checkMinimal!==undefined) window.RS_MODULES.checkMinimal()}\n\t\t\t\t<\/script>\n\t\t\t<\/rs-module-wrap>\n\t\t\t<!-- END REVOLUTION SLIDER -->\n[\/vc_column][\/vc_row][vc_row content_width=&#8221;grid&#8221; css=&#8221;.vc_custom_1535702139602{margin-top: 80px !important;margin-bottom: 40px !important;padding-top: 0px !important;padding-bottom: 0px !important;}&#8221;][vc_column][vc_row_inner css=&#8221;.vc_custom_1607339643035{background-color: #f1eae6 !important;}&#8221;][vc_column_inner el_class=&#8221;aga-info-foto&#8221; width=&#8221;1\/4&#8243; css=&#8221;.vc_custom_1536309226048{margin-top: 0px !important;margin-bottom: 0px !important;border-bottom-width: 0px !important;padding-top: 0px !important;padding-right: 0px !important;padding-left: 0px !important;}&#8221;][vc_single_image image=&#8221;60714&#8243; img_size=&#8221;400&#215;500&#8243; alignment=&#8221;center&#8221; el_class=&#8221;aga-foto&#8221;][\/vc_column_inner][vc_column_inner el_class=&#8221;aga-info&#8221; width=&#8221;3\/4&#8243;][vc_empty_space height=&#8221;80px&#8221;][vc_column_text css_animation=&#8221;none&#8221; css=&#8221;.vc_custom_1604568200266{padding-top: 10px !important;padding-bottom: 10px !important;}&#8221;]<\/p>\n<h1 style=\"text-align: center;\">Planner for a good day<\/h1>\n<p class=\"gt-block\" style=\"text-align: left;\"><strong>A comprehensive tool for anyone who wants to be well organized and fulfilled &#8211; at home, at work, at university and in the family &#8211; a calendar and planner for 2021 in one!<\/strong><\/p>\n<p>[\/vc_column_text][\/vc_column_inner][\/vc_row_inner][vc_empty_space height=&#8221;50px&#8221;][vc_video link=&#8221;https:\/\/youtu.be\/vj2bmFDHmXs&#8221; el_width=&#8221;60&#8243; align=&#8221;center&#8221;][\/vc_column][vc_column][vc_row_inner][vc_column_inner width=&#8221;2\/3&#8243;][vc_empty_space height=&#8221;80px&#8221;][vc_column_text]<\/p>\n<p class=\"gt-block\">Planner Na Dobry Dzie\u0144 2021 is a comprehensive tool that, apart from being convenient\u00a0<strong>calendar<\/strong>\u00a0with space for\u00a0<strong>practicing gratitude<\/strong>those, calculating the drunk\u00a0<strong>water<\/strong>\u00a0and typing the eaten\u00a0<strong>meals<\/strong>, it also contains very practical tools, such as purchasing planning, monitoring\u00a0<strong>good habits<\/strong>, planning system\u00a0<strong>expenses<\/strong>\u00a0i\u00a0<strong>saving<\/strong>, booklet\u00a0<strong>health<\/strong>\u00a0and a lot more!<\/p>\n<p>&nbsp;<\/p>\n<p class=\"gt-block\">It will work perfectly for you, no matter if you are a mother, student, businesswoman or you run a house! I made it so that you could guide it\u00a0<strong>take care of yourself<\/strong>for your time, life energy, health, finances, relationships and home as well\u00a0<strong>about those you love<\/strong>.<\/p>\n<p>&nbsp;<\/p>\n<p>A holistic approach to planning and organization is important to me, and I managed to achieve this in one place &#8211; in Planner Na Dobry Dzie\u0144.<\/p>\n<p>[\/vc_column_text][\/vc_column_inner][vc_column_inner width=&#8221;1\/3&#8243;][vc_empty_space height=&#8221;80px&#8221;][vc_single_image image=&#8221;60721&#8243; img_size=&#8221;medium&#8221; alignment=&#8221;center&#8221;][\/vc_column_inner][\/vc_row_inner][\/vc_column][\/vc_row][vc_row content_aligment=&#8221;center&#8221;][vc_column][vc_empty_space height=&#8221;50px&#8221;]<a href=\"https:\/\/agnieszkakudela.pl\/en\/shop\/\" target=\"_self\"  class=\"qodef-btn qodef-btn-large qodef-btn-solid\"  >\n    <span class=\"qodef-btn-text\">CHOOSE PLANNER FOR A GOOD DAY!<\/span>\n    <\/a>[\/vc_column][\/vc_row][vc_row content_width=&#8221;grid&#8221;][vc_column][vc_empty_space height=&#8221;80px&#8221;][vc_column_text]<\/p>\n<h3 style=\"text-align: center;\"><strong>Are you neat and organized?<\/strong><\/h3>\n<h3 style=\"text-align: center;\"><strong>Do you like having everything in one place?<\/strong><\/h3>\n<h3 style=\"text-align: center;\"><strong>Do you want to rule your life?<\/strong><\/h3>\n<p>[\/vc_column_text][vc_empty_space][vc_row_inner][vc_column_inner][vc_column_text]<\/p>\n<h2 style=\"text-align: center;\"><strong>Choosing a planner for a good day<br \/>\nwill be your best choice &#8211;<br \/>\nyou will not want another!<\/strong><\/h2>\n<p>[\/vc_column_text][vc_empty_space height=&#8221;80px&#8221;][\/vc_column_inner][\/vc_row_inner][vc_row_inner][vc_column_inner width=&#8221;1\/3&#8243;][vc_gallery interval=&#8221;3&#8243; images=&#8221;60715,60716,60717&#8243;][\/vc_column_inner][vc_column_inner width=&#8221;2\/3&#8243;][vc_column_text]I created the first, last year&#8217;s Planner Na Dobry Dzie\u0144, actually for myself.<\/p>\n<p>&nbsp;<\/p>\n<p class=\"gt-block\">Having run my own company for several years, and previously studying two faculties, always combining studies with work, I needed a planner that would allow me to organize my life in a rush.\u00a0<strong>So I checked a dozen calendars \/ planners calmly, but I did not find a recommendable one<\/strong>\u00a0my life management system.<\/p>\n<p>&nbsp;<\/p>\n<p class=\"gt-block\">That is why\u00a0<strong>I created Planner Na Dobry Dzie\u0144 to help me &#8211; and I hope you too<\/strong>\u00a0&#8211; plan the whole day, week, month, year,\u00a0<strong>while not forgetting what is important<\/strong>about practicing gratitude, maintaining healthy habits, and feeling in control of the flow of your home finances.<\/p>\n<p>[\/vc_column_text][\/vc_column_inner][\/vc_row_inner][vc_column_text][\/vc_column_text][vc_empty_space height=&#8221;50px&#8221;][\/vc_column][\/vc_row][vc_row content_width=&#8221;grid&#8221;][vc_column][vc_row_inner][vc_column_inner][vc_column_text]<\/p>\n<h2 style=\"text-align: center;\"><strong>You are curious what exactly it contains<br \/>\nGood Morning Planner 2021?<\/strong><\/h2>\n<p>[\/vc_column_text][\/vc_column_inner][\/vc_row_inner][vc_empty_space height=&#8221;50px&#8221;][vc_row_inner][vc_column_inner width=&#8221;2\/3&#8243;][vc_column_text]<\/p>\n<h3><strong>1. Kalendarz z wpisanymi datami i\u2026 bez nich<\/strong><\/h3>\n<p>&nbsp;<\/p>\n<p>W Wasze r\u0119ce oddaj\u0119 <strong>dwa rodzaje kalendarza do wyboru: ten z wpisanymi datami i ten do samodzielnego uzupe\u0142nienia dat.<\/strong><\/p>\n<p>&nbsp;<\/p>\n<p><strong>By mie\u0107 kontrol\u0119 nad up\u0142ywem czasu i potrafi\u0107 zaplanowa\u0107 sobie zar\u00f3wno dni pracy, jak i dni wolne<\/strong>, wybieram ten z datami \u2013 jest to podstawa \u017cyciowej r\u00f3wnowagi &#8211; tak osi\u0105gam m\u00f3j work-life balance. <strong>Dni wolne to nie znaczy dni mniej wa\u017cne<\/strong>, mniej produktywne \u2013 dlatego nie zosta\u0142y w \u017caden spos\u00f3b pomini\u0119te czy przeznaczono na nie mniej miejsca.\u00a0Nie da si\u0119 wyznaczy\u0107 sobie celu i zrealizowa\u0107 bez osadzenia do w czasie, dlatego <strong>wed\u0142ug mnie dobry planner to tylko taki z datami!<\/strong><\/p>\n<p>&nbsp;<\/p>\n<p>A druga sprawa to to, \u017ce\u2026 <strong>nie pomylisz si\u0119, wpisuj\u0105c daty r\u0119cznie<\/strong> &#x1f609; Je\u015bli jednak chcesz rozpocz\u0105\u0107 prowadzenie Plannera Na Dobry Dzie\u0144 w dowolnym momencie, przygotowa\u0142am te\u017c <strong>wersj\u0119 bez wpisanych dat<\/strong> \u2013 <strong>nie musisz czeka\u0107 do stycznia, by wzi\u0105\u0107 kontrol\u0119 nad organizacj\u0105 swojego \u017cycia<\/strong>![\/vc_column_text][vc_column_text][\/vc_column_text][vc_empty_space][vc_column_text]<\/p>\n<h3><strong>2. Weekly calendar with hours entered so that you can easily organize your time during the week<\/strong><\/h3>\n<p>&nbsp;<\/p>\n<p class=\"gt-block\"><strong>7 days on each spread<\/strong>, with the hours entered\u00a0<strong>from 7 to 21\u00a0<\/strong>it&#8217;s a solution that allows\u00a0<strong>See all the tasks for the week at a glance<\/strong>\u00a0and freely reschedule them between days.<\/p>\n<p>&nbsp;<\/p>\n<p class=\"gt-block\">I can easily<strong>\u00a0plan the time of the task, mark the time I want or need to spend with them<\/strong>\u00a0and leave gaps for unforeseen matters.<\/p>\n<p>&nbsp;<\/p>\n<p class=\"gt-block\">In addition, I do not have to flip 15 pages as with the daily calendar, only three and\u00a0<strong>I already have an overview for the whole month<\/strong>. Isn&#8217;t it a lot easier?<\/p>\n<p>&nbsp;<\/p>\n<p class=\"gt-block\">If &#8211; like me &#8211; you like to celebrate important events in your family&#8217;s life, you will certainly be happy in<strong>no place to enter birthdays or anniversaries<\/strong>. You can also enter important cultural, professional or pre-school events here.<\/p>\n<p>&nbsp;<\/p>\n<p class=\"gt-block\">In addition, the calendar has already entered\u00a0<strong>the most important national, church or international holidays<\/strong>, which will allow you to avoid overlapping important events and you will not have to give up anything.<\/p>\n<p>[\/vc_column_text][vc_empty_space][vc_column_text]<\/p>\n<h3><strong>3. Annual and monthly calendar views to keep track of your entire year<\/strong><\/h3>\n<p>&nbsp;<\/p>\n<p class=\"gt-block\"><strong>Planner Na Dobry Dzie\u0144 will allow you to plan your year from general to detail<\/strong>: first you will see the annual calendar view, then 12 monthly views (perfect place to enter tasks embedded in specific days, e.g. marking anniversaries, doctor visits, scheduled training sessions).\u00a0<strong>All you have to do is flip through 5 pages and you will see important events and tasks throughout the year<\/strong>\u00a0&#8211; which will allow you to estimate your plans and opportunities on\u00a0<strong>carrying out an important project or planning a vacation.<\/strong><\/p>\n<p>[\/vc_column_text][vc_empty_space][\/vc_column_inner][vc_column_inner width=&#8221;1\/3&#8243;][vc_empty_space height=&#8221;20px&#8221;][vc_single_image image=&#8221;60756&#8243; img_size=&#8221;medium&#8221; alignment=&#8221;center&#8221;][vc_empty_space][vc_single_image image=&#8221;60757&#8243; img_size=&#8221;medium&#8221; alignment=&#8221;center&#8221;][vc_empty_space][vc_single_image image=&#8221;60758&#8243; img_size=&#8221;medium&#8221; alignment=&#8221;center&#8221;][\/vc_column_inner][\/vc_row_inner][vc_row_inner][vc_column_inner width=&#8221;2\/3&#8243;][vc_column_text]<\/p>\n<h3><strong>4. Practicing gratitude that changes your life<\/strong><\/h3>\n<p>&nbsp;<\/p>\n<p class=\"gt-block\">It is<strong>\u00a0something that changed my life<\/strong>\u00a0and I know some of you too. I faced many difficulties in my life, the biggest ones were infertility and child wear &#8211; you can read about it on my blog. At that time, it was hard for me to believe that my sadness would end and that a smile would ever again appear on my face.<\/p>\n<p>&nbsp;<\/p>\n<p class=\"gt-block\"><strong>Practicing gratitude saved me<\/strong>. Every day you will find in Planner Na Dobry Dzie\u0144\u00a0<strong>space to write down 5 things that you are grateful for that day<\/strong>. This exercise will take you only a few minutes and you will be surprised how much it will change in your perception of the world, relationships with loved ones, and attitude to life.<\/p>\n<p>&nbsp;<\/p>\n<p class=\"gt-block\"><strong>Don&#8217;t compare yourself with others, never look at what is missing &#8211; see how much you have and be grateful for it every day!<\/strong><\/p>\n<p>&nbsp;<\/p>\n<p class=\"gt-block\">Instead of starting your day by watching Instagram and comparing your life to the lives of others, which they create on their social media, pick up Planner Na Dobry Dzie\u0144 and write 5 things for which you are grateful &#8211; even if you are not going through a difficult time in your life,\u00a0<strong>this habit will help you find inner peace and enjoy the little things<\/strong>!<\/p>\n<p>[\/vc_column_text][vc_empty_space][vc_column_text]<\/p>\n<h3><strong>5. Planning and healthy eating tracker to keep your finger on the pulse and take care of your tomorrow<\/strong><\/h3>\n<p>&nbsp;<\/p>\n<p class=\"gt-block\">I think many of us miss a meal, and most of us certainly don&#8217;t drink enough water &#8211; to be in control, you have\u00a0<strong>space to write down the meals eaten that day and the amount of water consumed.<\/strong><\/p>\n<p>[\/vc_column_text][vc_empty_space][vc_column_text]<\/p>\n<h3><strong>6. Practical lists: gift ideas, books to read, movies and series to watch<\/strong><\/h3>\n<p>&nbsp;<\/p>\n<p class=\"gt-block\">Did you hear your sister talking about the perfume she dreams of? Or maybe the husband hinted that he could use a drill? Write it down in a specially prepared place &#8211; on\u00a0<strong>list of gift ideas<\/strong>.<\/p>\n<p>&nbsp;<\/p>\n<p class=\"gt-block\">A friend recommended you a great movie, and another &#8211; a book that changed her life and you can&#8217;t remember these titles for anything &#8211; no more! In Planner Na Dobry Dzie\u0144 you will find\u00a0<strong>lists of books to read and movies \/ series to watch.<\/strong><\/p>\n<p>&nbsp;<\/p>\n<p>In Planner you will also find additional pages to create your own lists: places to visit or countries you want to see.<\/p>\n<p>&nbsp;<\/p>\n<p class=\"gt-block\">Even if you save these items on your phone, just like I do, write them to Planner &#8211;<strong>\u00a0it&#8217;s worth having everything together in one place<\/strong>\u00a0&#8211; it&#8217;s a real treasure trove of ideas!<\/p>\n<p>[\/vc_column_text][\/vc_column_inner][vc_column_inner width=&#8221;1\/3&#8243;][vc_single_image image=&#8221;60755&#8243; img_size=&#8221;medium&#8221; alignment=&#8221;center&#8221;][vc_empty_space][vc_single_image image=&#8221;60762&#8243; img_size=&#8221;medium&#8221; alignment=&#8221;center&#8221;][vc_empty_space][vc_single_image image=&#8221;60761&#8243; img_size=&#8221;medium&#8221; alignment=&#8221;center&#8221;][\/vc_column_inner][\/vc_row_inner][vc_row_inner][vc_column_inner width=&#8221;2\/3&#8243;][vc_empty_space][vc_column_text]<\/p>\n<h3><strong>7. Health &#8211; because we often forget to take care of it<\/strong><\/h3>\n<p>&nbsp;<\/p>\n<p>Do you monitor your health, results, tests, extending prescriptions?<\/p>\n<p>&nbsp;<\/p>\n<p>How often has your doctor asked when you had your last Pap test and you couldn&#8217;t remember?<\/p>\n<p>&nbsp;<\/p>\n<p>Or maybe you are allergic to some drug and you do not remember what &#8211; you wrote it down somewhere and you do not know where?<\/p>\n<p>&nbsp;<\/p>\n<p class=\"gt-block\">In Planner Na Dobry Dzie\u0144 you will find\u00a0<strong>special health pages<\/strong>\u00a0&#8211; here you can drive\u00a0<strong>health cards for the whole family<\/strong>\u00a0(with Pesel, blood type, allergies, drug dosing), write down important\u00a0<strong>preventive examinations and their results<\/strong>, and<strong>\u00a0medications taken<\/strong>\u00a0and contact list\u00a0<strong>doctors<\/strong>who look after you. There is also a special page with a menstrual calendar!<\/p>\n<p>&nbsp;<\/p>\n<p class=\"gt-block\">This way you can have\u00a0<strong>health books for your whole family in one place!<\/strong><\/p>\n<p>&nbsp;<\/p>\n<p class=\"gt-block\">The planner includes a practical at the end\u00a0<strong>pocket<\/strong>into which you can put test results or prescriptions.<\/p>\n<p>[\/vc_column_text][vc_empty_space][vc_column_text]<\/p>\n<h3><strong>8. Motivation cards &#8211; not to stop on the way to achieve the goal<\/strong><\/h3>\n<p>&nbsp;<\/p>\n<p class=\"gt-block\">If you took part in my #I&#8217;m waiting for you, you remember perfectly well that it was based on\u00a0<strong>building good habits and monitoring progress<\/strong>.\u00a0<strong>Motivation cards<\/strong>\u00a0They are also in Planner Na Dobry Dzie\u0144, so you can always have it at hand &#8211; there are 12 of them so you can watch your progress every month.<\/p>\n<p>[\/vc_column_text][vc_empty_space][vc_column_text]<\/p>\n<h3><strong>9. Planning expenses and savings<\/strong><\/h3>\n<p>&nbsp;<\/p>\n<p class=\"gt-block\">You plan your expenses &#8211; it&#8217;s great, but remember that b<strong>y learn to save, you must be able to plan these savings in your home budget<\/strong>\u00a0&#8211; there is a place for it in my planner.<\/p>\n<p>&nbsp;<\/p>\n<p class=\"gt-block\">You will also find a place to<strong>\u00a0save fixed monthly fees<\/strong>\u00a0(rent, electricity, gas, nursery) and their payment dates.<\/p>\n<p>[\/vc_column_text][vc_empty_space][vc_column_text]<\/p>\n<h3>10. Notes<\/h3>\n<p>&nbsp;<\/p>\n<p class=\"gt-block\">At the end of the Na Dobry Dzie\u0144 planner you will find a convenient place for notes. You can freely save here\u00a0<strong>notes from meetings, conversations or other<\/strong>that you will be able to return to at any moment.<\/p>\n<p>[\/vc_column_text][\/vc_column_inner][vc_column_inner width=&#8221;1\/3&#8243;][vc_single_image image=&#8221;60760&#8243; img_size=&#8221;medium&#8221; alignment=&#8221;center&#8221;][vc_empty_space][vc_single_image image=&#8221;60759&#8243; img_size=&#8221;medium&#8221; alignment=&#8221;center&#8221;][vc_empty_space][vc_single_image image=&#8221;60763&#8243; img_size=&#8221;medium&#8221; alignment=&#8221;center&#8221;][\/vc_column_inner][\/vc_row_inner][\/vc_column][\/vc_row][vc_row content_aligment=&#8221;center&#8221;][vc_column][vc_empty_space height=&#8221;50px&#8221;]<a href=\"https:\/\/agnieszkakudela.pl\/en\/shop\/\" target=\"_self\"  class=\"qodef-btn qodef-btn-large qodef-btn-solid\"  >\n    <span class=\"qodef-btn-text\">YES, I WANT TO BUY A PLANNER FOR A GOOD DAY!<\/span>\n    <\/a>[vc_empty_space height=&#8221;50px&#8221;][\/vc_column][\/vc_row][vc_row content_width=&#8221;grid&#8221;][vc_column][vc_empty_space height=&#8221;50px&#8221;][vc_column_text]<\/p>\n<div class=\"wpb_text_column wpb_content_element \">\n<div class=\"wpb_wrapper\">\n<h2 style=\"text-align: center;\"><strong>What the users say<br \/>\nPlanner For Dobry Dzie\u0144 2020?<\/strong><\/h2>\n<\/div>\n<\/div>\n<p>[\/vc_column_text][vc_empty_space height=&#8221;50px&#8221;][vc_row_inner][vc_column_inner width=&#8221;1\/2&#8243;][vc_column_text]<em>Od kilku dni jestem szcz\u0119\u015bliw\u0105 posiadaczk\u0105 \u201ePlannera na dobry dzie\u0144\u201d. Ten kr\u00f3tki okres w zupe\u0142no\u015bci wystarczy\u0142 mi, by przekona\u0107 si\u0119 jak wyj\u0105tkowy produkt stworzy\u0142a Agnieszka. Praktyczny, bardzo dok\u0142adnie przemy\u015blany, dopracowany z dba\u0142o\u015bci\u0105 o najdrobniejsze szczeg\u00f3\u0142y i co najwa\u017cniejsze kompletny- od teraz wszystko, co niezb\u0119dne posiadam w jednym miejscu. A na dodatek jest absolutnie przepi\u0119kny! Jestem przekonana, \u017ce ka\u017cda kobieta pokocha go od pierwszego wejrzenia i z ogromn\u0105 przyjemno\u015bci\u0105 b\u0119dzie planowa\u0107 kolejne dni, tygodnie i miesi\u0105ce. Ja ju\u017c teraz wiem, \u017ce nie b\u0119d\u0119 si\u0119 bez niego nigdzie rusza\u0107\u2026 Gor\u0105co polecam ka\u017cdemu! A Tobie Agnieszko dzi\u0119kuj\u0119 z ca\u0142ego serca za to co stworzy\u0142a\u015b &lt;3\u00a0 I trzymam mocno kciuki za kolejne projekty, bo wiem, \u017ce jeszcze nie raz nas zaskoczysz! <\/em><em>&#x1f60a;<br \/>\n<\/em>&#8211; Czytelniczka[\/vc_column_text][\/vc_column_inner][vc_column_inner width=&#8221;1\/2&#8243;][vc_column_text]<em>Planery s\u0105 eleganckie i dopracowane pod ka\u017cdym wzgl\u0119dem. <\/em><em>&#x1f49e;<\/em><em> Gratulacje!<\/em><br \/>\n\u2013 Elwira[\/vc_column_text][\/vc_column_inner][\/vc_row_inner][vc_empty_space height=&#8221;40px&#8221;][\/vc_column][\/vc_row][vc_row][vc_column][vc_text_separator title=&#8221;You have choice&#8221;][\/vc_column][\/vc_row][vc_row content_width=&#8221;grid&#8221;][vc_column][vc_empty_space height=&#8221;50px&#8221;][vc_row_inner][vc_column_inner width=&#8221;2\/3&#8243;][vc_column_text]<\/p>\n<h3>For 2021, I give you a choice from not one, two or three, but even &#8230;<br \/>\nseven versions of the Planner Na Dobry Dzie\u0144 2021!<\/h3>\n<p>&nbsp;<\/p>\n<p class=\"gt-block\">First, you have a choice\u00a0<strong>three different colors of the Planner cover<\/strong>\u00a0&#8211; each in a vegan leather setting.<\/p>\n<p>&nbsp;<\/p>\n<p class=\"gt-block\"><strong>&#8211; light pink<\/strong><\/p>\n<p>&nbsp;<\/p>\n<p class=\"gt-block\"><strong>&#8211; without<\/strong><\/p>\n<p>&nbsp;<\/p>\n<p class=\"gt-block\"><strong>&#8211; blue<\/strong><\/p>\n<p>&nbsp;<\/p>\n<p class=\"gt-block\">A\u00a0<strong>Each of these colors can be purchased in a version with entered dates and without dates!<\/strong><\/p>\n<p>&nbsp;<\/p>\n<p class=\"gt-block\"><a href=\"https:\/\/agnieszkakudela.pl\/en\/shop\/\">Click here<\/a>to choose a color for yourself.<\/p>\n<p>&nbsp;<\/p>\n<p class=\"gt-block\">Each of these planners includes\u00a0<strong>3 practical ribbons<\/strong>so that you can easily find the current week or important memo, and\u00a0<strong>eraser<\/strong>\u00a0securing the Planner so that nothing falls out of it or that it does not open and fold in the bag.<\/p>\n<p class=\"gt-block\">The planner on the back has\u00a0<strong>pocket<\/strong>where you can put small cards, receipts or stickers.<\/p>\n<p>[\/vc_column_text][\/vc_column_inner][vc_column_inner width=&#8221;1\/3&#8243;][vc_gallery interval=&#8221;3&#8243; images=&#8221;60720,60719,60718&#8243; img_size=&#8221;medium&#8221;]<a href=\"#\" target=\"_self\"  class=\"qodef-btn qodef-btn-medium qodef-btn-solid\"  >\n    <span class=\"qodef-btn-text\"><\/span>\n    <\/a>[\/vc_column_inner][\/vc_row_inner][\/vc_column][\/vc_row][vc_row content_width=&#8221;grid&#8221;][vc_column][vc_row_inner][vc_column_inner width=&#8221;2\/3&#8243;][vc_empty_space height=&#8221;30px&#8221;][vc_column_text]<\/p>\n<div class=\"wpb_text_column wpb_content_element \">\n<div class=\"wpb_wrapper\">\n<h3>You already have a binder from last year and just want to buy a refill?<\/h3>\n<p>&nbsp;<\/p>\n<p class=\"gt-block\">No problem! I have prepared for you\u00a0<strong>contribution with calendar part<\/strong>\u00a0for a separate purchase &#8211; thanks to this, you will be able to keep a calendar for 2021 and continue your entries in the organizer part from Planner 2020!<\/p>\n<\/div>\n<\/div>\n<p>[\/vc_column_text][vc_empty_space height=&#8221;100px&#8221;][vc_column_text]<\/p>\n<h3>What have I changed in relation to the Planner from 2020?<\/h3>\n<p>&nbsp;<\/p>\n<ul>\n<li>Instead of a binder, I put on\u00a0<strong>more handy form<\/strong>\u00a0&#8211;<b>\u00a0<\/b><strong>glued exercise book<\/strong>which is lighter, more comfortable to write and easier to turn pages in it!<br \/>\nHowever, if you prefer to remain in the form of a binder &#8211; you can easily buy the insert itself.<\/li>\n<li>I did it\u00a0<strong>three\u00a0colors\u00a0ribbons<\/strong>so that you can easily find today&#8217;s date or important note<\/li>\n<li>I changed the interior a bit by adding\u00a0<strong>more color intensity and broadening the lines for your notes<\/strong><\/li>\n<li>I added Planner at the end\u00a0<strong>pocket<\/strong>where you will be able to put small cards, notes, receipts &#8230;<\/li>\n<\/ul>\n<p>[\/vc_column_text][\/vc_column_inner][vc_column_inner width=&#8221;1\/3&#8243;][vc_empty_space][vc_single_image image=&#8221;60726&#8243; img_size=&#8221;600&#215;900&#8243; alignment=&#8221;center&#8221;][vc_empty_space][\/vc_column_inner][\/vc_row_inner][\/vc_column][\/vc_row][vc_row content_width=&#8221;grid&#8221;][vc_column][vc_row_inner][vc_column_inner width=&#8221;2\/3&#8243;][vc_empty_space height=&#8221;50px&#8221;][vc_column_text]<\/p>\n<h3>Or maybe a set?<\/h3>\n<p>&nbsp;<\/p>\n<p class=\"gt-block\">You can buy for each of the planners\u00a0<a href=\"https:\/\/agnieszkakudela.pl\/en\/p\/document-folder-a4\/\"><strong>briefcase in the same veneer<\/strong><\/a>!<\/p>\n<p>&nbsp;<\/p>\n<p class=\"gt-block\">The briefcase has\u00a0<strong>practical clip<\/strong>it is attached to\u00a0<strong>wide lined notebook<\/strong>\u00a0&#8211; perfect for taking notes during meetings, conferences or lectures!<\/p>\n<p>[\/vc_column_text][\/vc_column_inner][vc_column_inner width=&#8221;1\/3&#8243;][vc_empty_space][vc_gallery interval=&#8221;3&#8243; images=&#8221;60723,60724,60725&#8243; img_size=&#8221;600&#215;700&#8243;][\/vc_column_inner][\/vc_row_inner][\/vc_column][\/vc_row][vc_row css=&#8221;.vc_custom_1607339699877{background-color: #f1eae6 !important;}&#8221;][vc_column][vc_empty_space height=&#8221;50px&#8221;][vc_column_text]<\/p>\n<h2 style=\"text-align: center;\">Organize your life<br \/>\nwith Planner Na Dobry Dzie\u0144<br \/>\nand be surprised by its interior!<\/h2>\n<p>[\/vc_column_text][vc_empty_space height=&#8221;50px&#8221;][\/vc_column][\/vc_row][vc_row content_aligment=&#8221;center&#8221;][vc_column][vc_empty_space height=&#8221;50px&#8221;]<a href=\"https:\/\/agnieszkakudela.pl\/en\/shop\/\" target=\"_self\"  class=\"qodef-btn qodef-btn-large qodef-btn-solid\"  >\n    <span class=\"qodef-btn-text\">GO TO THE SHOP<\/span>\n    <\/a>[vc_empty_space height=&#8221;50px&#8221;][\/vc_column][\/vc_row][vc_row content_width=&#8221;grid&#8221;][vc_column][vc_empty_space height=&#8221;40px&#8221;][vc_single_image image=&#8221;60722&#8243; img_size=&#8221;large&#8221; alignment=&#8221;center&#8221;][vc_empty_space height=&#8221;40px&#8221;][\/vc_column][\/vc_row]<\/p>\n<\/div>","protected":false},"excerpt":{"rendered":"<p>[vc_row][vc_column][\/vc_column][\/vc_row][vc_row content_width=&#8221;grid&#8221; css=&#8221;.vc_custom_1535702139602{margin-top: 80px !important;margin-bottom: 40px !important;padding-top: 0px !important;padding-bottom: 0px !important;}&#8221;][vc_column][vc_row_inner css=&#8221;.vc_custom_1607339643035{background-color: #f1eae6 !important;}&#8221;][vc_column_inner el_class=&#8221;aga-info-foto&#8221; width=&#8221;1\/4&#8243; css=&#8221;.vc_custom_1536309226048{margin-top: 0px !important;margin-bottom: 0px !important;border-bottom-width: 0px !important;padding-top: 0px !important;padding-right: 0px !important;padding-left: 0px !important;}&#8221;][vc_single_image image=&#8221;60714&#8243; img_size=&#8221;400&#215;500&#8243; alignment=&#8221;center&#8221; el_class=&#8221;aga-foto&#8221;][\/vc_column_inner][vc_column_inner el_class=&#8221;aga-info&#8221; width=&#8221;3\/4&#8243;][vc_empty_space height=&#8221;80px&#8221;][vc_column_text css_animation=&#8221;none&#8221; css=&#8221;.vc_custom_1604568200266{padding-top: 10px !important;padding-bottom: 10px !important;}&#8221;] Planner for a&#8230;<\/p>\n","protected":false},"author":1,"featured_media":0,"parent":0,"menu_order":0,"comment_status":"closed","ping_status":"closed","template":"full-width.php","meta":{"footnotes":""},"class_list":["post-61870","page","type-page","status-publish","hentry"],"yoast_head":"<!-- This site is optimized with the Yoast SEO plugin v26.5 - https:\/\/yoast.com\/wordpress\/plugins\/seo\/ -->\n<title>Planner 2021 - AgnieszkaKudela.pl<\/title>\n<meta name=\"description\" content=\"Parenting and fashion blog, run by Wedding Planner, Mother of 6 summer Miko\u0142aj and 3 summer Maks. In love with her family and interiors.\" \/>\n<meta name=\"robots\" content=\"index, follow, max-snippet:-1, max-image-preview:large, max-video-preview:-1\" \/>\n<meta property=\"og:locale\" content=\"en_US\" \/>\n<meta property=\"og:type\" content=\"article\" \/>\n<meta property=\"og:title\" content=\"Planner 2021 - AgnieszkaKudela.pl\" \/>\n<meta property=\"og:description\" content=\"Parenting and fashion blog, run by Wedding Planner, Mother of 6 summer Miko\u0142aj and 3 summer Maks. In love with her family and interiors.\" \/>\n<meta property=\"og:url\" content=\"https:\/\/agnieszkakudela.pl\/en\/planner-2021\/\" \/>\n<meta property=\"og:site_name\" content=\"AgnieszkaKudela.pl\" \/>\n<meta property=\"article:modified_time\" content=\"2023-11-29T11:10:39+00:00\" \/>\n<meta property=\"og:image\" content=\"https:\/\/agnieszkakudela.pl\/wp-content\/uploads\/2020\/11\/Agnieszka-Kudela-logo.png\" \/>\n\t<meta property=\"og:image:width\" content=\"844\" \/>\n\t<meta property=\"og:image:height\" content=\"100\" \/>\n\t<meta property=\"og:image:type\" content=\"image\/png\" \/>\n<meta name=\"twitter:card\" content=\"summary_large_image\" \/>\n<meta name=\"twitter:label1\" content=\"Est. reading time\" \/>\n\t<meta name=\"twitter:data1\" content=\"15 minutes\" \/>\n<script type=\"application\/ld+json\" class=\"yoast-schema-graph\">{\"@context\":\"https:\/\/schema.org\",\"@graph\":[{\"@type\":\"WebPage\",\"@id\":\"https:\/\/agnieszkakudela.pl\/en\/planner-2021\/\",\"url\":\"https:\/\/agnieszkakudela.pl\/en\/planner-2021\/\",\"name\":\"Planner 2021 - AgnieszkaKudela.pl\",\"isPartOf\":{\"@id\":\"https:\/\/agnieszkakudela.pl\/en\/#website\"},\"datePublished\":\"2020-11-05T09:24:28+00:00\",\"dateModified\":\"2023-11-29T11:10:39+00:00\",\"description\":\"Parenting and fashion blog, run by Wedding Planner, Mother of 6 summer Miko\u0142aj and 3 summer Maks. In love with her family and interiors.\",\"breadcrumb\":{\"@id\":\"https:\/\/agnieszkakudela.pl\/en\/planner-2021\/#breadcrumb\"},\"inLanguage\":\"en-US\",\"potentialAction\":[{\"@type\":\"ReadAction\",\"target\":[\"https:\/\/agnieszkakudela.pl\/en\/planner-2021\/\"]}]},{\"@type\":\"BreadcrumbList\",\"@id\":\"https:\/\/agnieszkakudela.pl\/en\/planner-2021\/#breadcrumb\",\"itemListElement\":[{\"@type\":\"ListItem\",\"position\":1,\"name\":\"Strona g\u0142\u00f3wna\",\"item\":\"https:\/\/agnieszkakudela.pl\/en\/\"},{\"@type\":\"ListItem\",\"position\":2,\"name\":\"Planner 2021\"}]},{\"@type\":\"WebSite\",\"@id\":\"https:\/\/agnieszkakudela.pl\/en\/#website\",\"url\":\"https:\/\/agnieszkakudela.pl\/en\/\",\"name\":\"AgnieszkaKudela.pl\",\"description\":\"Blog parentingowy i modowy, prowadzony przez Wedding Plannerk\u0119, Mam\u0119 2,5 letniego Miko\u0142aja, oczekuj\u0105c\u0105 kolejnego Maluszka.\",\"potentialAction\":[{\"@type\":\"SearchAction\",\"target\":{\"@type\":\"EntryPoint\",\"urlTemplate\":\"https:\/\/agnieszkakudela.pl\/en\/?s={search_term_string}\"},\"query-input\":{\"@type\":\"PropertyValueSpecification\",\"valueRequired\":true,\"valueName\":\"search_term_string\"}}],\"inLanguage\":\"en-US\"}]}<\/script>\n<!-- \/ Yoast SEO plugin. -->","yoast_head_json":{"title":"Planner 2021 - AgnieszkaKudela.pl","description":"Parenting and fashion blog, run by Wedding Planner, Mother of 6 summer Miko\u0142aj and 3 summer Maks. In love with her family and interiors.","robots":{"index":"index","follow":"follow","max-snippet":"max-snippet:-1","max-image-preview":"max-image-preview:large","max-video-preview":"max-video-preview:-1"},"og_locale":"en_US","og_type":"article","og_title":"Planner 2021 - AgnieszkaKudela.pl","og_description":"Parenting and fashion blog, run by Wedding Planner, Mother of 6 summer Miko\u0142aj and 3 summer Maks. In love with her family and interiors.","og_url":"https:\/\/agnieszkakudela.pl\/en\/planner-2021\/","og_site_name":"AgnieszkaKudela.pl","article_modified_time":"2023-11-29T11:10:39+00:00","og_image":[{"width":844,"height":100,"url":"https:\/\/agnieszkakudela.pl\/wp-content\/uploads\/2020\/11\/Agnieszka-Kudela-logo.png","type":"image\/png"}],"twitter_card":"summary_large_image","twitter_misc":{"Est. reading time":"15 minutes"},"schema":{"@context":"https:\/\/schema.org","@graph":[{"@type":"WebPage","@id":"https:\/\/agnieszkakudela.pl\/en\/planner-2021\/","url":"https:\/\/agnieszkakudela.pl\/en\/planner-2021\/","name":"Planner 2021 - AgnieszkaKudela.pl","isPartOf":{"@id":"https:\/\/agnieszkakudela.pl\/en\/#website"},"datePublished":"2020-11-05T09:24:28+00:00","dateModified":"2023-11-29T11:10:39+00:00","description":"Parenting and fashion blog, run by Wedding Planner, Mother of 6 summer Miko\u0142aj and 3 summer Maks. In love with her family and interiors.","breadcrumb":{"@id":"https:\/\/agnieszkakudela.pl\/en\/planner-2021\/#breadcrumb"},"inLanguage":"en-US","potentialAction":[{"@type":"ReadAction","target":["https:\/\/agnieszkakudela.pl\/en\/planner-2021\/"]}]},{"@type":"BreadcrumbList","@id":"https:\/\/agnieszkakudela.pl\/en\/planner-2021\/#breadcrumb","itemListElement":[{"@type":"ListItem","position":1,"name":"Strona g\u0142\u00f3wna","item":"https:\/\/agnieszkakudela.pl\/en\/"},{"@type":"ListItem","position":2,"name":"Planner 2021"}]},{"@type":"WebSite","@id":"https:\/\/agnieszkakudela.pl\/en\/#website","url":"https:\/\/agnieszkakudela.pl\/en\/","name":"AgnieszkaKudela.pl","description":"Blog parentingowy i modowy, prowadzony przez Wedding Plannerk\u0119, Mam\u0119 2,5 letniego Miko\u0142aja, oczekuj\u0105c\u0105 kolejnego Maluszka.","potentialAction":[{"@type":"SearchAction","target":{"@type":"EntryPoint","urlTemplate":"https:\/\/agnieszkakudela.pl\/en\/?s={search_term_string}"},"query-input":{"@type":"PropertyValueSpecification","valueRequired":true,"valueName":"search_term_string"}}],"inLanguage":"en-US"}]}},"_links":{"self":[{"href":"https:\/\/agnieszkakudela.pl\/en\/wp-json\/wp\/v2\/pages\/61870","targetHints":{"allow":["GET"]}}],"collection":[{"href":"https:\/\/agnieszkakudela.pl\/en\/wp-json\/wp\/v2\/pages"}],"about":[{"href":"https:\/\/agnieszkakudela.pl\/en\/wp-json\/wp\/v2\/types\/page"}],"author":[{"embeddable":true,"href":"https:\/\/agnieszkakudela.pl\/en\/wp-json\/wp\/v2\/users\/1"}],"replies":[{"embeddable":true,"href":"https:\/\/agnieszkakudela.pl\/en\/wp-json\/wp\/v2\/comments?post=61870"}],"version-history":[{"count":0,"href":"https:\/\/agnieszkakudela.pl\/en\/wp-json\/wp\/v2\/pages\/61870\/revisions"}],"wp:attachment":[{"href":"https:\/\/agnieszkakudela.pl\/en\/wp-json\/wp\/v2\/media?parent=61870"}],"curies":[{"name":"wp","href":"https:\/\/api.w.org\/{rel}","templated":true}]}}